{"id":13535,"date":"2025-12-29T12:44:06","date_gmt":"2025-12-29T12:44:06","guid":{"rendered":"https:\/\/ittenbach.org\/?post_type=tribe_events&#038;p=13535"},"modified":"2025-12-29T12:44:06","modified_gmt":"2025-12-29T12:44:06","slug":"gedenken-an-opfer-von-krieg-und-gewalt-2","status":"publish","type":"tribe_events","link":"https:\/\/ittenbach.org\/?tribe_events=gedenken-an-opfer-von-krieg-und-gewalt-2","title":{"rendered":"Gedenken an Opfer von Krieg und Gewalt"},"content":{"rendered":"<p>Am Volkstrauertag findet das Gedenken an die Opfer von Krieg und Gewalt am Ittenbacher Ehrenmal statt. Der B\u00fcrgerverein VVI e.V., Ittenbach l\u00e4dt \u00a0im Zusammenwirken mit den Ittenbacher Vereinen, Gruppen und Kirchengemeinden dazu ein. Das Ittenbacher Bl\u00e4sercorps begleitet die Veranstaltung musikalisch. Im Namen der Stadt K\u00f6nigswinter legen die Ittenbacher Ratsmitglieder Kr\u00e4nze nieder f\u00fcr die Gefallenen des Ersten und Zweiten Weltkrieges und f\u00fcr alle Opfer von Krieg und Gewalt.<\/p>\n<p>&nbsp;<\/p>\n","protected":false},"excerpt":{"rendered":"<p>Am Volkstrauertag findet das Gedenken an die Opfer von Krieg und Gewalt am Ittenbacher Ehrenmal statt. Der B\u00fcrgerverein VVI e.V., Ittenbach l\u00e4dt \u00a0im Zusammenwirken mit den Ittenbacher Vereinen, Gruppen und &hellip; <\/p>\n<p class=\"link-more\"><a href=\"https:\/\/ittenbach.org\/?tribe_events=gedenken-an-opfer-von-krieg-und-gewalt-2\" class=\"more-link\"><span class=\"screen-reader-text\">\u201eGedenken an Opfer von Krieg und Gewalt\u201c<\/span> weiterlesen<\/a><\/p>\n","protected":false},"author":6,"featured_media":0,"comment_status":"open","ping_status":"closed","template":"","meta":{"_bbp_topic_count":0,"_bbp_reply_count":0,"_bbp_total_topic_count":0,"_bbp_total_reply_count":0,"_bbp_voice_count":0,"_bbp_anonymous_reply_count":0,"_bbp_topic_count_hidden":0,"_bbp_reply_count_hidden":0,"_bbp_forum_subforum_count":0,"_tribe_events_status":"","_tribe_events_status_reason":""},"tags":[],"tribe_events_cat":[],"_links":{"self":[{"href":"https:\/\/ittenbach.org\/index.php?rest_route=\/wp\/v2\/tribe_events\/13535"}],"collection":[{"href":"https:\/\/ittenbach.org\/index.php?rest_route=\/wp\/v2\/tribe_events"}],"about":[{"href":"https:\/\/ittenbach.org\/index.php?rest_route=\/wp\/v2\/types\/tribe_events"}],"author":[{"embeddable":true,"href":"https:\/\/ittenbach.org\/index.php?rest_route=\/wp\/v2\/users\/6"}],"replies":[{"embeddable":true,"href":"https:\/\/ittenbach.org\/index.php?rest_route=%2Fwp%2Fv2%2Fcomments&post=13535"}],"version-history":[{"count":1,"href":"https:\/\/ittenbach.org\/index.php?rest_route=\/wp\/v2\/tribe_events\/13535\/revisions"}],"predecessor-version":[{"id":13536,"href":"https:\/\/ittenbach.org\/index.php?rest_route=\/wp\/v2\/tribe_events\/13535\/revisions\/13536"}],"wp:attachment":[{"href":"https:\/\/ittenbach.org\/index.php?rest_route=%2Fwp%2Fv2%2Fmedia&parent=13535"}],"wp:term":[{"taxonomy":"post_tag","embeddable":true,"href":"https:\/\/ittenbach.org\/index.php?rest_route=%2Fwp%2Fv2%2Ftags&post=13535"},{"taxonomy":"tribe_events_cat","embeddable":true,"href":"https:\/\/ittenbach.org\/index.php?rest_route=%2Fwp%2Fv2%2Ftribe_events_cat&post=13535"}],"curies":[{"name":"wp","href":"https:\/\/api.w.org\/{rel}","templated":true}]}}